{"id":7330,"date":"2022-05-11T08:02:06","date_gmt":"2022-05-11T06:02:06","guid":{"rendered":"https:\/\/ateliersdemenilmontant.org\/?post_type=po&#038;p=7330"},"modified":"2023-08-10T12:26:34","modified_gmt":"2023-08-10T10:26:34","slug":"portes-ouvertes-2022","status":"publish","type":"po","link":"https:\/\/ateliersdemenilmontant.org\/?po=portes-ouvertes-2022","title":{"rendered":"Portes ouvertes 2022"},"content":{"rendered":"","protected":false},"excerpt":{"rendered":"","protected":false},"author":1,"featured_media":7502,"template":"","meta":{"advgb_blocks_editor_width":"","advgb_blocks_columns_visual_guide":""},"acf":{"inscription":"","titrepo":"PORTES OUVERTES DU 29 SEPTEMBRE AU 2 OCTOBRE 2022","laffiche":7339,"les_dates":"<p>DU JEUDI 29 SEPTEMBRE AU DIMANCHE 02 OCTOBRE<\/p>","les_horaires_":"<p>De 14h \u00e0 20h, nocturne le 29 septembre jusqu'\u00e0 21h<\/p>","acces":"<p>M\u00e9tro M\u00e9nilmontant - Couronnes - Belleville - P\u00e8re\u00a0Lachaise - Gambetta - Philippe\u00a0Auguste - Porte\u00a0de\u00a0Bagnolet - Pelleport - Saint\u00a0Fargeau - Jourdain - T\u00e9l\u00e9graphe - Porte\u00a0des\u00a0Lilas - Pyr\u00e9n\u00e9es<br \/>\r\nBus 26 - 57 - 60 - 61 - 69 - 64 - 76 - 96<\/p>\r\n<p>Les lieux facilement accessibles aux personnes handicap\u00e9es sont signal\u00e9s sur le plan-guide.<\/p>","point_daccueil":"<h5><strong>Galerie M\u00e9nil'8<\/strong><\/h5>\r\n<p>8 rue Boyer 75020 Paris<\/p>","point_relais":"<h5><strong>ESAT<\/strong><\/h5>\r\n<p>48 rue des Panoyaux 75020 Paris<\/p>","couleurpo":"","edito":"","les_affiches":"","liste-participants-1":"<p><span style=\"font-size: 24pt; color: #ff0000;\">1 <\/span><strong>7 rue de Montlouis\u00a0 11e<\/strong><br \/>\r\n<span style=\"color: #ff0000;\">Atelier POLSKA Vents d\u2019Anges<\/span><br \/>\r\n<span style=\"color: #5184b8;\"><strong>POLSKA<\/strong>\u00a0\u00a0\u00a0<\/span>\u00a0\u00a0<br \/>\r\nCr\u00e9ation en 2 et 3 dimensions - Po\u00e9sie<br \/>\r\nPerformances, Danse et Musique<br \/>\r\n06 84 19 14 88\u00a0\u00a0 polskapolska@free.fr<\/p>\r\n<p><span style=\"font-size: 24pt; color: #ff0000;\">2 <\/span><strong>55 bd de M\u00e9nilmontant<\/strong><br \/>\r\n6bis rue R.-Villerm\u00e9\u00a0 11e<br \/>\r\nBas. N-D du Perp\u00e9tuel Secours<br \/>\r\n<strong><span style=\"color: #5184b8;\">Blandine COURCOUX<\/span><\/strong><br \/>\r\nGravure, C\u00e9ramique<br \/>\r\n06 76 29 93 01\u00a0\u00a0\u00a0 Instagram : Brindille52<br \/>\r\n<strong><span style=\"color: #5184b8;\">Jo\u00ebl DUPRAT<\/span><\/strong><br \/>\r\nPeinture, Dessin<br \/>\r\n06 37 97 80 64\u00a0\u00a0\u00a0 www.joelduprat.fr<br \/>\r\n<strong><span style=\"color: #5184b8;\">H\u00e9l\u00e8ne Tourbine<\/span><\/strong><br \/>\r\nphoto<br \/>\r\n06 60 58 38 71\u00a0<br \/>\r\nhttps:\/\/elena-tourbine-photography.com<br \/>\r\n<strong><span style=\"color: #5184b8;\">TOUZERY<\/span><\/strong><br \/>\r\nPeinture, Dessin<br \/>\r\n06 03 55 09 30\u00a0\u00a0\u00a0 www.s-touzery.com<\/p>\r\n<p><span style=\"font-size: 24pt; color: #ff0000;\">3 <\/span><strong>31 pass de M\u00e9nilmontant\u00a0 11e<\/strong><br \/>\r\n<span style=\"color: #ff0000;\">Th\u00e9\u00e2tre des Ateliers du Chaudron<\/span><br \/>\r\nArgile, papier m\u00e2ch\u00e9, masques,<br \/>\r\nmarionnettes, th\u00e9\u00e2tre, maquillage<br \/>\r\n01 43 61 17 17\u00a0 www.ateliersduchaudron.net<\/p>\r\n<p><span style=\"font-size: 24pt; color: #ff0000;\">4 <\/span><strong>4 rue des Maronites\u00a0<\/strong>\u00a0\u00a0\u00a0\u00a0\u00a0<br \/>\r\n<span style=\"color: #ff0000;\">L\u2019Officine<\/span><br \/>\r\n<span style=\"color: #5184b8;\"><strong>Vanessa Ancelot<\/strong><\/span><br \/>\r\ndessin<br \/>\r\n06 51 38 51 54\u00a0 Vanessaancelot.blogspot.com<\/p>\r\n<p><span style=\"font-size: 24pt; color: #ff0000;\">5 <\/span><strong>18 rue de Tourtille<\/strong><br \/>\r\n<span style=\"color: #5184b8;\"><strong>Catherine Rauscher<\/strong><\/span><br \/>\r\nPeinture, Gravure<br \/>\r\n06 72 23 68 47\u00a0\u00a0 www.catherinerauscher.fr<\/p>\r\n<p><span style=\"font-size: 24pt; color: #ff0000;\">6 <\/span><strong>103 rue Julien Lacroix<\/strong><br \/>\r\n<span style=\"color: #5184b8;\"><strong>GENEVIEVE BAUDOIN<\/strong><\/span><br \/>\r\npeinture \u00e0 l\u2019huile, dessin<br \/>\r\n06 07 13 04 46\u00a0 \u00a0\u00a0genevievebaudoin.com<\/p>\r\n<p><span style=\"font-size: 24pt; color: #ff0000;\">7 <\/span><strong>36 rue de M\u00e9nilmontant<\/strong><br \/>\r\n<strong><span style=\"color: #5184b8;\">Judith Farro\u00a0<\/span><\/strong>\u00a0\u00a0\u00a0\u00a0\u00a0\u00a0\u00a0\u00a0<br \/>\r\npeinture, gravure\u00a0<br \/>\r\n06 67 56 47 84\u00a0\u00a0\u00a0\u00a0 judithfarro.com<\/p>\r\n<p><span style=\"font-size: 24pt; color: #ff0000;\">8 <\/span><strong>41 rue des Panoyaux\u00a0\u00a0\u00a0\u00a0\u00a0<\/strong><br \/>\r\n<strong><span style=\"color: #5184b8;\">Lika KATO<\/span><\/strong><br \/>\r\nPeinture Temp\u00e9ra Huile et dessin, objet illumin\u00e9<br \/>\r\n06 10 78 07 58\u00a0\u00a0<br \/>\r\nhttps:\/\/likato.wixsite.com\/travail<\/p>\r\n<p><span style=\"color: #ff0000; font-size: 24pt;\">9 <\/span><strong>43 rue des Panoyaux<\/strong>\u00a0\u00a0\u00a0\u00a0\u00a0<br \/>\r\n<span style=\"color: #ff0000;\">Les noyaux\u00a0<\/span><br \/>\r\n<strong><span style=\"color: #5184b8;\">Florence DIETIKER<\/span><\/strong><br \/>\r\nPeinture et gravure, Sculpture<br \/>\r\n06 65 03 50 10\u00a0 florence.dietiker@gmail.com<br \/>\r\n<strong><span style=\"color: #5184b8;\">Pascal guichard\u00a0\u00a0<\/span><\/strong>\u00a0<br \/>\r\nassemblages en bo\u00eetes<br \/>\r\n06 60 70 35 85\u00a0\u00a0 pascal.g.guich@gmail.com<br \/>\r\nwww.pascalguichard.fr<\/p>\r\n<p><span style=\"font-size: 24pt; color: #ff0000;\">10<\/span> <strong>43 rue des Panoyaux<\/strong><br \/>\r\n<span style=\"color: #ff0000;\">Art Contre Culture<\/span><br \/>\r\n<strong><span style=\"color: #5184b8;\">ODE\u00a0\u00a0<\/span><\/strong><br \/>\r\npeinture \u00e0 l\u2019huile sur bois,<br \/>\r\ngravure sur bois\u00a0\u00a0<br \/>\r\n06 63 79 95 21\u00a0\u00a0\u00a0 artcontreculture<\/p>\r\n<p><span style=\"font-size: 24pt; color: #ff0000;\">11 <\/span><strong>43 rue des Panoyaux (cour)<\/strong><br \/>\r\n<strong><span style=\"color: #5184b8;\">Maryam Shams<\/span><\/strong><br \/>\r\nPeinture, Dessin, Lithographie,<br \/>\r\ns\u00e9rigraphie, collage, monotype<br \/>\r\n06 03 29 33 68\u00a0\u00a0\u00a0 www.maryamshams.com<br \/>\r\n<span style=\"color: #ff0000;\">ATelier MD<\/span><br \/>\r\n<strong><span style=\"color: #5184b8;\">Marie Drouot<\/span><\/strong><br \/>\r\nC\u00e9ramique, design-objets\u00a0 \u00a0 \u00a0 \u00a0<br \/>\r\n06 61 21 58 26<br \/>\r\nwww.instagram.com\/mariedrouot\/?hl=fr<\/p>\r\n<p><span style=\"color: #ff0000; font-size: 24pt;\">12 <\/span><strong>51 rue des Panoyaux<\/strong><br \/>\r\n<span style=\"color: #ff0000;\">Coll\u00e8ge Robert Doisneau<\/span><br \/>\r\n<strong><span style=\"color: #5184b8;\">Blago<\/span><\/strong><br \/>\r\n<strong><span style=\"color: #5184b8;\">Brigitte Lagoutte<\/span><\/strong><br \/>\r\nAcrylique sur rodho\u00efd,<br \/>\r\nIllustrator, Installations po\u00e9tiques<br \/>\r\n06 68 15 11 68<br \/>\r\nhttp:\/\/peintureblago.wordpress.com<br \/>\r\n<span style=\"color: #5184b8;\"><strong>BETTY ZAJDENWERG<\/strong><\/span> <br \/>\r\nDessin, Photo, peinture <br \/>\r\n06 65 02 39 05 <br \/>\r\nhttps:\/\/bettzaj0.wixsite.com<\/p>\r\n<p><span style=\"color: #ff0000; font-size: 24pt;\">13 <\/span><strong>44 rue des Panoyaux<\/strong><br \/>\r\n<span style=\"color: #ff0000;\">ESAT m\u00e9nilmontant<\/span><br \/>\r\np\u00f4le artistique ESAT terre<br \/>\r\n06 88 40 75 83<\/p>\r\n<p><span style=\"color: #ff0000; font-size: 24pt;\">14 <\/span><strong>48 rue des Panoyaux\u00a0<\/strong>\u00a0\u00a0\u00a0\u00a0<br \/>\r\n<span style=\"color: #ff0000;\">ESAT<\/span><br \/>\r\n<strong><span style=\"color: #5184b8;\">Christine NOEL<\/span><\/strong><br \/>\r\nPhotographie, Photographie coloris\u00e9e<br \/>\r\n06 09 13 63 88\u00a0\u00a0\u00a0\u00a0 christinenoel.com<br \/>\r\n<span style=\"color: #5184b8;\"><strong>Nicole SALVAT<\/strong><\/span><br \/>\r\nPhotographie<br \/>\r\n06 12 34 24 40\u00a0\u00a0\u00a0\u00a0 photosalvat.com<br \/>\r\n<strong><span style=\"color: #5184b8;\">Reynald DEROCHE<\/span><\/strong><br \/>\r\nDessin, Aquarelle<br \/>\r\n06 28 04 30 29\u00a0 reynald.deroche@wanadoo.fr<br \/>\r\n<strong><span style=\"color: #5184b8;\">Lergrav<\/span><\/strong><br \/>\r\nc\u00e9ramique<br \/>\r\nevasimo2003@yahoo.fr<\/p>\r\n<p><span style=\"color: #ff0000; font-size: 24pt;\">15 <\/span><strong>52 rue des Panoyaux\u00a0<\/strong>\u00a0\u00a0\u00a0\u00a0<br \/>\r\n<span style=\"color: #ff0000;\">ESAT m\u00e9nilmontant,<\/span><br \/>\r\np\u00f4le artistique ESAT SOIE<br \/>\r\n06 88 40 75 83\u00a0\u00a0\u00a0<\/p>\r\n<p>&nbsp;<\/p>","liste-participants-2":"<p><span style=\"color: #ff0000; font-size: 24pt;\">16 <\/span>05 rue des Platri\u00e8res\u00a0\u00a0\u00a0\u00a0\u00a0<br \/>\r\n<span style=\"color: #ff0000;\">Les plateaux sauvages\u00a0<\/span>\u00a0<br \/>\r\n<span style=\"color: #5184b8;\"><strong>REINE ROMAN<\/strong><\/span> \u00a0 \u00a0\u00a0<br \/>\r\nphotographie<br \/>\r\n06 85 11 25 08<br \/>\r\nwww.romanphotographie.com<br \/>\r\n<strong><span style=\"color: #5184b8;\">Sophie Bloch<\/span><\/strong>\u00a0\u00a0\u00a0\u00a0\u00a0\u00a0\u00a0<br \/>\r\nhuile sur toile, Encre\u00a0\u00a0\u00a0\u00a0<br \/>\r\n06 61 73 25 23\u00a0\u00a0\u00a0 sophie-bloch.com<br \/>\r\n<strong><span style=\"color: #5184b8;\">Sophie Masson\u00a0\u00a0<\/span><\/strong>\u00a0\u00a0\u00a0<br \/>\r\nPeinture, Collage\u00a0<br \/>\r\n06 50 21 31 96\u00a0\u00a0\u00a0 instagram : soft_tdm<\/p>\r\n<p><span style=\"color: #ff0000; font-size: 24pt;\">17<\/span>\u00a0 17 rue des Envierges\u00a0\u00a0\u00a0\u00a0\u00a0<br \/>\r\n<span style=\"color: #ff0000;\">Archip\u00e9lIa<\/span><br \/>\r\n<strong><span style=\"color: #5184b8;\">Aude nguyen<\/span><\/strong><br \/>\r\npeinture \u00e0 l\u2019huile, peinture acrylique<br \/>\r\n06 12 93 86 01\u00a0\u00a0 www.audenguyen.com<br \/>\r\n<strong><span style=\"color: #5184b8;\">Miho HIRAKAWA\u00a0<\/span><\/strong>\u00a0<br \/>\r\nhuile, pastel\u00a0\u00a0\u00a0\u00a0\u00a0\u00a0\u00a0\u00a0\u00a0<br \/>\r\n01 43 64 03 78<br \/>\r\nmihohirakawa.moz@gmail.com<br \/>\r\n<strong><span style=\"color: #5184b8;\">Patricia Segond Demurtas<\/span><\/strong><br \/>\r\nPeinture, dessin\u00a0\u00a0\u00a0<br \/>\r\n06 62 06 15 35<br \/>\r\nhttps :\/\/patriciasegond.wixsite.com\/My-site-1<br \/>\r\n<strong><span style=\"color: #5184b8;\">Dany Masternak\u00a0\u00a0\u00a0<\/span><\/strong><br \/>\r\npeinture, techniques mixtes,<br \/>\r\ninstallations\u00a0\u00a0\u00a0\u00a0\u00a0\u00a0\u00a0\u00a0\u00a0<br \/>\r\n06 87 48 33 15 masternak.dan@gmail.com<\/p>\r\n<p><span style=\"font-size: 24pt; color: #ff0000;\">18<\/span> \u00a0 27 rue des Envierges<br \/>\r\n<strong><span style=\"color: #5184b8;\">jozyann chabel<\/span><\/strong><br \/>\r\nSculpture, Peinture<br \/>\r\n06 87 96 64 70<br \/>\r\nartiste\/jozyann-chabel\/<\/p>\r\n<p><span style=\"color: #ff0000; font-size: 24pt;\">19 <\/span>61 rue Olivier M\u00e9tra<br \/>\r\n<strong><span style=\"color: #5184b8;\">Lyalkele\u00a0\u00a0<\/span><\/strong>\u00a0\u00a0\u00a0\u00a0<br \/>\r\nSculpture textile, couture\u00a0\u00a0\u00a0\u00a0\u00a0\u00a0\u00a0<br \/>\r\n06 51 34 79 47\u00a0\u00a0\u00a0 www.lyalkele.com<\/p>\r\n<p><span style=\"font-size: 24pt; color: #ff0000;\">20 <\/span>70 rue des Rigoles\u00a0\u00a0\u00a0\u00a0\u00a0\u00a0\u00a0\u00a0<br \/>\r\n<span style=\"color: #ff0000;\">Relais M\u00e9nilmontant\u00a0\u00a0\u00a0<\/span>\u00a0\u00a0\u00a0<br \/>\r\n<strong><span style=\"color: #5184b8;\">Franck Bertran\u00a0<\/span><\/strong>\u00a0\u00a0\u00a0<br \/>\r\nPeinture, Aquarelle\u00a0\u00a0\u00a0\u00a0\u00a0\u00a0\u00a0<br \/>\r\n06 01 15 06 81<br \/>\r\nwww.instagram.com\/franckbertran<br \/>\r\n<strong><span style=\"color: #5184b8;\">Nicolette Moya\u00a0\u00a0\u00a0\u00a0<\/span><\/strong><br \/>\r\npeinture \u00e0 l\u2019encre et \u00e0 l\u2019acrylique<br \/>\r\n06 70 17 10 00<br \/>\r\nwww.artistescontemporains.org\/artistes\/37742<\/p>\r\n<p><span style=\"color: #ff0000; font-size: 24pt;\">21 <\/span>42 rue des Cascades<br \/>\r\n<span style=\"color: #ff0000;\">Espace Louise Michel<\/span><br \/>\r\n<strong><span style=\"color: #5184b8;\">Georges Franco\/<\/span><\/strong><br \/>\r\n<strong><span style=\"color: #5184b8;\">Fred Furgol<\/span><\/strong><br \/>\r\nPeinture, Photo<br \/>\r\n06 72 74 71 40<br \/>\r\nhttps:\/\/georgesfranco.jimdofree.com\/<\/p>\r\n<p><span style=\"color: #ff0000; font-size: 24pt;\">22 <\/span>70 rue de Romainville 19e<br \/>\r\n<strong><span style=\"color: #5184b8;\">Brigitte Valin\u00a0<\/span><\/strong>\u00a0\u00a0\u00a0\u00a0\u00a0\u00a0\u00a0<br \/>\r\nSculpture, Installation\u00a0\u00a0\u00a0<br \/>\r\n06 82 31 50 89\u00a0\u00a0\u00a0 www.brigittevalin.com<\/p>\r\n<p><span style=\"color: #ff0000; font-size: 24pt;\">23<\/span> \u00a016 rue du Lt Chaur\u00e9<br \/>\r\n<strong><span style=\"color: #5184b8;\">Jean-Luc MORLOT\u00a0<\/span><\/strong>\u00a0\u00a0\u00a0\u00a0\u00a0\u00a0\u00a0<br \/>\r\nPhotographie, \u0153uvre num\u00e9rique<br \/>\r\n06 47 67 22 38\u00a0\u00a0\u00a0 www.jeanlucmorlot.com<br \/>\r\n<strong><span style=\"color: #5184b8;\">Dominique Duchon\u00a0\u00a0\u00a0<\/span><\/strong>\u00a0\u00a0\u00a0\u00a0\u00a0<br \/>\r\ngraveur, Plasticienne\u00a0\u00a0\u00a0\u00a0<br \/>\r\n06 14 60 77 22<br \/>\r\ndominiquegasquet.ultra-book.com<br \/>\r\n<strong><span style=\"color: #5184b8;\">IXIA\u00a0\u00a0<\/span><\/strong><br \/>\r\nPeinture, Aquarelle\u00a0\u00a0\u00a0\u00a0\u00a0\u00a0\u00a0<br \/>\r\n06 27 26 98 52\u00a0\u00a0\u00a0\u00a0 www.ixia-artiste.com<\/p>\r\n<p><span style=\"color: #ff0000; font-size: 24pt;\">24<\/span> \u00a0 140 rue de M\u00e9nilmontant<br \/>\r\n<span style=\"color: #ff0000;\">Syst\u00e8me C\u00a0<\/span><br \/>\r\n<strong><span style=\"color: #5184b8;\">Arlette Buisson\u00a0\u00a0\u00a0\u00a0<\/span><\/strong><br \/>\r\nphotographie, collage<br \/>\r\n06 19 32 41 06\u00a0<br \/>\r\nbuisson.arlette@orange.fr<br \/>\r\n<strong><span style=\"color: #5184b8;\">CATHERINE TABART\u00a0\u00a0\u00a0<\/span><\/strong>\u00a0<br \/>\r\npeinture, collages, recyclage<br \/>\r\n06 15 87 23 55\u00a0\u00a0\u00a0\u00a0 cat.tabart@gmail.com<br \/>\r\n<strong><span style=\"color: #5184b8;\">ANISSA NOSSAY\u00a0<\/span><\/strong>\u00a0<br \/>\r\nCollage, Photo, vid\u00e9o, peinture...<br \/>\r\n07 71 13 45 00<br \/>\r\nsarahbaxter75@gmail.com<\/p>\r\n<p><span style=\"color: #ff0000; font-size: 24pt;\">25 <\/span>20 rue Pix\u00e9r\u00e9court<br \/>\r\n<span style=\"color: #ff0000;\">ATELIER DU TANUKI<\/span><br \/>\r\n<strong><span style=\"color: #5184b8;\">MARIA ALESSANDRA LANEVE<\/span><\/strong><br \/>\r\nArt plastique et calligraphie <br \/>\r\njaponaise, art th\u00e9rapie<br \/>\r\n06 73 60 52 10 <br \/>\r\nhttps:\/\/atelierdutanuki.com<br \/>\r\n<strong><span style=\"color: #5184b8;\">PATRICK LAURIN<\/span><\/strong><br \/>\r\nmonotype, huile, acrylique <br \/>\r\n06 64 83 25 54 https:\/\/patrick-laurin.org<\/p>\r\n<p><span style=\"color: #ff0000; font-size: 24pt;\">26 <\/span>20 rue du Retrait<br \/>\r\n<span style=\"color: #ff0000;\">ASSOCIATION DU RATRAIT<\/span><br \/>\r\n<strong><span style=\"color: #5184b8;\">BERTRAND BELLON<\/span><\/strong><br \/>\r\npeinture \u00e0 l\u2019huile, c\u00e9ramique <br \/>\r\n06 30 25 49 39 <br \/>\r\nwww:\/\/bertrandbellon.org<br \/>\r\n<strong><span style=\"color: #5184b8;\">ANTOINE NGUYEN<\/span><\/strong><br \/>\r\naquarelle <br \/>\r\n06 95 56 42 50<br \/>\r\nwww.facebook.com\/antoine.nguyen.169\/<br \/>\r\n<strong><span style=\"color: #5184b8;\">ARMEL BARRAUD<\/span><\/strong> <br \/>\r\nArtiste designer dentelli\u00e8re <br \/>\r\n06 50 20 97 41 www.armelbarraud.fr<br \/>\r\n<strong><span style=\"color: #5184b8;\">LEILA REJEB<\/span><\/strong> <br \/>\r\ndesigner joaillerie, Illustratrice<br \/>\r\n06 45 08 44 81 www.rejebleila.fr<\/p>\r\n<p><span style=\"color: #ff0000; font-size: 24pt;\">27 <\/span>27\/29 rue de la Cour des noues<br \/>\r\n<strong><span style=\"color: #5184b8;\">GEYMANN<\/span><\/strong> <br \/>\r\nSculpteur<br \/>\r\n06 59 53 23 33 <br \/>\r\nAudreygeymann2002@yahoo.fr<\/p>\r\n<p><span style=\"color: #ff0000; font-size: 24pt;\">28 <\/span>13 rue Leuck Mathieu<br \/>\r\n<strong><span style=\"color: #5184b8;\">PATRICE RAKOVSKY<\/span><\/strong><br \/>\r\nPHOTOGRAPHIE<br \/>\r\n06 71 67 48 58 prako@gmx.com<\/p>\r\n<p>&nbsp;<\/p>\r\n<p>&nbsp;<\/p>","liste-participants-3":"<p><span style=\"color: #ff0000; font-size: 24pt;\">29 <\/span>61 rue de Bagnolet<br \/>\r\n<span style=\"color: #ff0000;\">LIBRAIRIE EQUIPAGES<\/span><br \/>\r\n<strong><span style=\"color: #5184b8;\">MARIE JEANNE AVGERINOS<\/span><\/strong><br \/>\r\nplasticienne, dessins, sculptures<br \/>\r\n07 81 17 99 72 Instagram : marieavgerinos<\/p>\r\n<p><span style=\"color: #ff0000; font-size: 24pt;\">30 <\/span>15bis r Villiers de L\u2019Isle Adam<br \/>\r\n<span style=\"color: #ff0000;\">CENTRE SOCIAL ANNAM<\/span> <br \/>\r\n<strong><span style=\"color: #5184b8;\">JENO PAL LENGYEL<\/span><\/strong><br \/>\r\nPeinture, Collage <br \/>\r\n06 28 04 43 96 lengyel93\u00e0gmail.com<br \/>\r\n<strong><span style=\"color: #5184b8;\">JEAN PIERRE HADJAB<\/span><\/strong><br \/>\r\nPeinture <br \/>\r\n06 32 83 43 83 jphadjab@gmail.com<br \/>\r\n<strong><span style=\"color: #5184b8;\">RITA CSERBIK<\/span><\/strong><br \/>\r\nPeinture <br \/>\r\n3 63 06 84 89 85 rita@cserbikart.com<\/p>\r\n<p><span style=\"color: #ff0000; font-size: 24pt;\">31 <\/span>51 rue Villiers de L\u2019Isle Adam<br \/>\r\n<strong><span style=\"color: #5184b8;\">CECILE DINGE<\/span><\/strong><br \/>\r\nHuile sur Toile <br \/>\r\n06 16 04 45 26 cecile.dinge@gmail.com<\/p>\r\n<p><span style=\"color: #ff0000; font-size: 24pt;\">32 <\/span>4 rue d\u2019Annam <br \/>\r\n<span style=\"color: #ff0000;\">CENTRE SOCIAL ANNAM<\/span> <br \/>\r\n<span style=\"color: #5184b8;\"><strong>ANNIE BRIAN\u00c7ON<\/strong><\/span> <br \/>\r\npeinture, dessin, photo, collage <br \/>\r\n06 14 90 52 64 anniwix.art<br \/>\r\n<span style=\"color: #5184b8;\"><strong>FIKRATT ACHRAF<\/strong><\/span> <br \/>\r\nc\u00e9ramique, peintures pigments <br \/>\r\n06 33 01 23 83 fikratt.book.fr<br \/>\r\n<span style=\"color: #5184b8;\"><strong>MIREILLE WEINLAND<\/strong><\/span> <br \/>\r\nPeinture, collage <br \/>\r\n06 89 91 21 79 <br \/>\r\nFacebook &amp; Instagram<br \/>\r\n<span style=\"color: #5184b8;\"><strong>LEONI<\/strong><\/span> <br \/>\r\nencre de Chine \u00e0 la plume, aquarelles <br \/>\r\n06 51 72 56 64 valerio-leoni.book.fr<br \/>\r\n<span style=\"color: #5184b8;\"><strong>LETRUSKO<\/strong><\/span> <br \/>\r\nPeinture, sculpture, Vid\u00e9o <br \/>\r\n06 81 21 00 72<br \/>\r\nhttps:\/\/www.youtube.com\/user\/Clemerino<br \/>\r\n<span style=\"color: #5184b8;\"><strong>MAITE LEON<\/strong><\/span> <br \/>\r\nIllustration, dessin 06 66 92 70 08 maiteleon.com <br \/>\r\ncontact@maiteleon.com Instagram @maite_leon_illustrations<\/p>\r\n<p><span style=\"color: #ff0000; font-size: 24pt;\">34 <\/span>49 rue des Partants\u00a0<br \/>\r\nManufacture 22 rue Solleillet<br \/>\r\n<strong><span style=\"color: #5184b8;\">BRIGITTE KRETZ <\/span><\/strong><br \/>\r\n<strong><span style=\"color: #5184b8;\">WERNER RITTER<\/span><\/strong> <br \/>\r\nartistes-peintres, graphistes <br \/>\r\n01 43 66 25 91<\/p>\r\n<p><span style=\"font-size: 24pt; color: #ff0000;\">35 <\/span>3 place Henri Matisse <br \/>\r\n(rue Soleillet) <br \/>\r\n<span style=\"color: #ff0000;\">ASSOCIATION EMPREINTE<\/span> <br \/>\r\n<span style=\"color: #5184b8;\"><strong>ANNE SPICAS<\/strong><\/span> <br \/>\r\nPhotographie, Po\u00e9sie, peinture<br \/>\r\n06 84 40 28 81 Artmajeur<\/p>\r\n<p><span style=\"color: #ff0000; font-size: 24pt;\">36 <\/span>70 rue de M\u00e9nilmontant<br \/>\r\n<span style=\"color: #5184b8;\"><strong>CAROLINE BOUYER<\/strong><\/span> <br \/>\r\nGravure, Dessin <br \/>\r\n06 20 13 96 45<br \/>\r\ninsta: carolinebouyer.gravure_dessin<\/p>\r\n<p><span style=\"color: #ff0000; font-size: 24pt;\">38 <\/span>84 rue de M\u00e9nilmontant<br \/>\r\n<span style=\"color: #ff0000;\">Atelier AimBoo<\/span> <br \/>\r\n<span style=\"color: #5184b8;\"><strong>AIME BOUMENDIL<\/strong><\/span> <br \/>\r\nPeinture et N\u00e9on, plasticien<br \/>\r\n06 98 88 82 27 www.aimboo.fr<\/p>\r\n<p><span style=\"color: #ff0000; font-size: 24pt;\">39 <\/span>5bis rue Juillet<br \/>\r\n<span style=\"color: #5184b8;\"><strong>ANNIE DERYCKX<\/strong><\/span> <br \/>\r\nPhotographie <br \/>\r\n06 75 03 29 41 <br \/>\r\nhttps:\/\/anniederyckx.com\/<br \/>\r\ncalligraphie<br \/>\r\njaponaise, art th\u00e9rapie<br \/>\r\n06 73 60 52 10<br \/>\r\nhttps:\/\/atelierdutanuki.com<br \/>\r\n<span style=\"color: #5184b8;\"><strong>PATRICK LAURIN<\/strong><\/span><br \/>\r\nmonotype, huile, acrylique\u00a0\u00a0\u00a0\u00a0\u00a0\u00a0<br \/>\r\n06 64 83 25 54\u00a0\u00a0 https:\/\/patrick-laurin.org<\/p>\r\n<p><span style=\"color: #ff0000; font-size: 24pt;\">40 <\/span>8 rue Juillet\u00a0\u00a0\u00a0\u00a0\u00a0\u00a0\u00a0\u00a0\u00a0<br \/>\r\n<span style=\"color: #ff0000;\">Atelier des Amandiers\u00a0<\/span>\u00a0\u00a0<br \/>\r\n<span style=\"color: #5184b8;\"><strong>TRAUTE SCHMALJOHANN\u00a0<\/strong><\/span>\u00a0\u00a0\u00a0\u00a0\u00a0<br \/>\r\nPeinture, Collage\u00a0<br \/>\r\n06 20 34 41 36<br \/>\r\nhttp:\/\/atamandiers.blogspot.com<br \/>\r\n<span style=\"color: #5184b8;\"><strong>ALICE MENECIER\u00a0<\/strong><\/span><br \/>\r\nDessin Peinture<br \/>\r\ngravure Lithographie<br \/>\r\n06 83 27 87 18<br \/>\r\nalice.menecier@wanadoo.fr<br \/>\r\n<span style=\"color: #5184b8;\"><strong>CLAIRE ARCHENAULT<\/strong><\/span><br \/>\r\nestampes, aquarelles, carnets<br \/>\r\n06 78 92 74 80<br \/>\r\nhttps:\/\/clairearchenault.blogspot.com\/<\/p>\r\n<p><span style=\"color: #ff0000; font-size: 24pt;\">41 <\/span>2 rue Boyer <br \/>\r\n<span style=\"color: #ff0000;\">STUDIO BIO PILATES<\/span> <br \/>\r\n<span style=\"color: #5184b8;\"><strong>ISABELLE FAIVRE<\/strong><\/span> <br \/>\r\nGouache cir\u00e9e, <br \/>\r\nTissage v\u00e9g\u00e9tal<br \/>\r\n06 80 80 42 07 isabellefaivre.blogspot.com<br \/>\r\n<span style=\"color: #5184b8;\"><strong>VERO VAN DER ESCH<\/strong><\/span> <br \/>\r\npeinture \u00e0 l\u2019huile, Linogravures<br \/>\r\n06 81 78 74 54<br \/>\r\nhttp:\/\/verovanderesch.blogspot.com<\/p>\r\n<p><span style=\"color: #ff0000; font-size: 24pt;\">42 <\/span>4 rue Boyer <br \/>\r\n<span style=\"color: #ff0000;\">FONDATION LEBAUDY<\/span> <br \/>\r\n<span style=\"color: #5184b8;\"><strong>OLIVIER GEFFARD<\/strong><\/span> <br \/>\r\ncarnet de voyage <br \/>\r\net aquarelle <br \/>\r\n06 84 35 70 70 geffard.com<br \/>\r\ncarnetlointain.com et insta Geff0<\/p>\r\n<p>&nbsp;<\/p>","liste-participants-4":"<p><span style=\"color: #ff0000; font-size: 24pt;\">43 <\/span>4bis rue Boyer <br \/>\r\n<span style=\"color: #ff0000;\">FONDATION LEBAUDY<\/span> <br \/>\r\n<span style=\"color: #5184b8;\"><strong>ANNETTE JALILOVA<\/strong><\/span> <br \/>\r\nsculpture<br \/>\r\n06 60 67 75 89 <br \/>\r\nannette.jalilova@sfr.fr<br \/>\r\n<span style=\"color: #5184b8;\"><strong>RAZA<\/strong><\/span> <br \/>\r\nDessin \u00e0 l\u2019encre, Peinture<br \/>\r\n06 98 88 63 62 <br \/>\r\nrrazak.hammadi@gmail.com<\/p>\r\n<p><span style=\"font-size: 24pt; color: #ff0000;\">44 <\/span>6 rue Boyer <br \/>\r\n<span style=\"color: #ff0000;\">FONDATION LEBAUDY<\/span> <br \/>\r\n<span style=\"color: #5184b8;\"><strong>TAUBAN<\/strong><\/span> <br \/>\r\npastel, peinture <br \/>\r\n06 71 05 34 82<br \/>\r\ntauban@hotmail.fr<br \/>\r\ntauban-pastel.fr <br \/>\r\n<span style=\"color: #5184b8;\"><strong>DOMINIQUE PILET<\/strong><\/span> <br \/>\r\nc\u00e9ramique <br \/>\r\n06 07 08 68 89 <br \/>\r\ndopilet@orange.fr<\/p>\r\n<p><span style=\"color: #ff0000; font-size: 24pt;\">45 <\/span>8 rue Boyer <br \/>\r\n<span style=\"color: #ff0000;\">M\u00e9nil\u20198<\/span> <br \/>\r\n<span style=\"color: #5184b8;\"><strong>MURIEL DUMOULIN<\/strong><\/span> <br \/>\r\nsculpture, dessin <br \/>\r\n06 78 12 19 81 <br \/>\r\nwww.muriel-dumoulin.com<br \/>\r\n<span style=\"color: #5184b8;\"><strong>ANNIE ALBERT<\/strong><\/span> <br \/>\r\nPastel, Peinture <br \/>\r\n06 86 16 93 03 www.anniealbert.com<br \/>\r\n<span style=\"color: #5184b8;\"><strong>CATHERINE VIGIER<\/strong><\/span> <br \/>\r\nplasticienne, livres d\u2019artiste, <br \/>\r\ntextile, peinture <br \/>\r\n06 60 86 33 29<br \/>\r\nhttps:\/\/www.instagram.com\/ateliervigier\/<br \/>\r\n<span style=\"color: #5184b8;\"><strong>DOMINIQUE TALEGHANI<\/strong><\/span> <br \/>\r\nCollages cartographiques <br \/>\r\n06 10 83 38 82 dominiquetaleghani.com<br \/>\r\n<span style=\"color: #5184b8;\"><strong>GERARD KUNIAN<\/strong><\/span> <br \/>\r\nacrylique, aquarelle, <br \/>\r\ndessin au trait mine de plomb<br \/>\r\n06 13 90 05 52 <br \/>\r\ngerard.kunian@gmail.com<br \/>\r\n<span style=\"color: #5184b8;\"><strong>NATHALIE BODIN<\/strong><\/span> <br \/>\r\nTextile et colle, Crochet <br \/>\r\n06 61 80 86 41 nathbodin@yahoo.fr<br \/>\r\n<span style=\"color: #5184b8;\"><strong>RUMIKO NAKAGAWA<\/strong><\/span> <br \/>\r\nFiber art, Gravure <br \/>\r\n06 88 96 00 70 https:\/\/www.rumiko.fr<br \/>\r\n<span style=\"color: #5184b8;\"><strong>SOPHIE VOISIN<\/strong><\/span> <br \/>\r\ncarnet de voyage, gravure <br \/>\r\n06 52 92 22 22 <br \/>\r\nsophievoisin@orange.fr<br \/>\r\ninstagram : sophievoisin75<\/p>\r\n<p><span style=\"color: #ff0000; font-size: 24pt;\">46 <\/span>10 rue Boyer <br \/>\r\n<span style=\"color: #ff0000;\">Le 10<\/span> <br \/>\r\n<span style=\"color: #5184b8;\"><strong>LOUIS TRANCHINSU<\/strong><\/span> <br \/>\r\nPhotographie, Dessin <br \/>\r\n06 75 25 65 03 <br \/>\r\nloutitran@orange.fr<br \/>\r\n<span style=\"color: #5184b8;\"><strong>ANITA ALABAU<\/strong><\/span> <br \/>\r\nPeinture acrylique, <br \/>\r\nCollage, dessin<br \/>\r\n07 89 64 48 22 <br \/>\r\nwww.art-of-abstract.com<br \/>\r\n<span style=\"color: #5184b8;\"><strong>CLAUDE DE LUCA<\/strong><\/span> <br \/>\r\nAcrylique, Collages <br \/>\r\n06 87 14 48 31<br \/>\r\nwww.claudiodeluca.com\/peinture.html<br \/>\r\nfran\u00e7ois-xavier esambert<br \/>\r\nCarnets de Voyages, Aquarelle<br \/>\r\n06 03 91 15 39 <br \/>\r\nfxesambert.com<br \/>\r\n<span style=\"color: #5184b8;\"><strong>MARC OLSEN<\/strong><\/span> <br \/>\r\naquarelle, gouache &amp; encre <br \/>\r\n07 58 54 10 58 <br \/>\r\nhttps:\/\/marcolsenart.com<br \/>\r\n<span style=\"color: #5184b8;\"><strong>MARIE-FRANCE VASSEL<\/strong><\/span> <br \/>\r\nPeinture, Dessin <br \/>\r\n06 21 46 17 67 <br \/>\r\nmarie-france.vassel@sfr.fr<br \/>\r\n<span style=\"color: #5184b8;\"><strong>CAT<\/strong><\/span> <br \/>\r\npeinture acrylique, tremblement<br \/>\r\n06 70 61 45 99 <br \/>\r\ncatherine.glaise@orange.fr<br \/>\r\n<span style=\"color: #5184b8;\"><strong>DINAS<\/strong><\/span> <br \/>\r\nPeinture acrylique, <br \/>\r\nLinogravure<br \/>\r\n06 51 77 42 88 dsabag@free.fr<br \/>\r\n<span style=\"color: #5184b8;\"><strong>JULIA POLAK CHEVALLIER<\/strong><\/span> <br \/>\r\nAcrylique, encre, <br \/>\r\nfeutre, Stylo bille<br \/>\r\n06 46 67 07 60<br \/>\r\nhttps:\/\/juliapolak-artiste.dunked.com\/<br \/>\r\n<span style=\"color: #5184b8;\"><strong>VEROMASQUE<\/strong><\/span> <br \/>\r\ntechniques mixtes, collage <br \/>\r\n06 60 50 82 14 <br \/>\r\nveromasque@gmail.com<br \/>\r\n<span style=\"color: #5184b8;\"><strong>PASCALE PEREZ<\/strong><\/span> <br \/>\r\nPeinture, Aquarelle, broderie<br \/>\r\n06 38 58 17 99 <br \/>\r\nPpzart@orange.fr<br \/>\r\n<span style=\"color: #5184b8;\"><strong>NINI MIMOSA<\/strong><\/span> <br \/>\r\nmixte graphite pastel fusain <br \/>\r\nencre de chine<br \/>\r\nninimimosaillustrations@gmail.com<br \/>\r\ninstagram @ninimimosaillustrations<\/p>\r\n<p><span style=\"color: #ff0000; font-size: 24pt;\">47 <\/span>27 rue Boyer <br \/>\r\n<span style=\"color: #ff0000;\">ART-THERAPIE \/ INECAT,<\/span> <br \/>\r\n\u00e9cole des m\u00e9diations artistiques<br \/>\r\nCollectif<br \/>\r\nExposition, Accueil, Installation, Performances, Ateliers<br \/>\r\n(petites formes exp\u00e9rientielles et participatives, <br \/>\r\ncertaines avec r\u00e9servation, gratuites).<br \/>\r\nTh\u00e9\u00e2tre du souvenir. <br \/>\r\nsamedi 20 h pr\u00e9cises. (S\u2019inscrire)<br \/>\r\nR\u00e9union d\u2019info et \u00e9changes <br \/>\r\nautour des activit\u00e9s et formations. <br \/>\r\nLundi 18 h anim\u00e9e par des stagiaires <br \/>\r\nRenseignements d\u00e9taill\u00e9s sur PO : <br \/>\r\nhttps:\/\/www.inecat.org\/Portes-ouvertes-inecat.html<\/p>\r\n<p><span style=\"color: #ff0000; font-size: 24pt;\">48 <\/span>32 rue Boyer<br \/>\r\n<span style=\"color: #ff0000;\">S. N. ARTPAINTING<\/span><br \/>\r\n<span style=\"color: #5184b8;\"><strong>TAMER SAHIN<\/strong><\/span><br \/>\r\npeinture acrylique, relief, optique<br \/>\r\n07 51 37 74 63 <br \/>\r\nistambulinparis@gmail.com<\/p>","":"","carte":"","programme":"","guide1":"","guide2":""},"featured_img":"https:\/\/ateliersdemenilmontant.org\/WP\/wp-content\/uploads\/2022\/05\/PO-2022-1-1.jpg","coauthors":[],"author_meta":{"author_link":"https:\/\/ateliersdemenilmontant.org\/?author=1","display_name":"AdMwp1"},"relative_dates":{"created":"Publi\u00e9 4 ans il y a","modified":"Mis \u00e0 jour 3 ans il y a"},"absolute_dates":{"created":"Publi\u00e9 le 11 mai 2022","modified":"Mise \u00e0 jour le 10 ao\u00fbt 2023"},"absolute_dates_time":{"created":"Publi\u00e9 le 11 mai 2022 8 h 02 min","modified":"Mise \u00e0 jour le 10 ao\u00fbt 2023 12 h 26 min"},"featured_img_caption":"","tax_additional":[],"series_order":"","_links":{"self":[{"href":"https:\/\/ateliersdemenilmontant.org\/index.php?rest_route=\/wp\/v2\/po\/7330"}],"collection":[{"href":"https:\/\/ateliersdemenilmontant.org\/index.php?rest_route=\/wp\/v2\/po"}],"about":[{"href":"https:\/\/ateliersdemenilmontant.org\/index.php?rest_route=\/wp\/v2\/types\/po"}],"wp:featuredmedia":[{"embeddable":true,"href":"https:\/\/ateliersdemenilmontant.org\/index.php?rest_route=\/wp\/v2\/media\/7502"}],"wp:attachment":[{"href":"https:\/\/ateliersdemenilmontant.org\/index.php?rest_route=%2Fwp%2Fv2%2Fmedia&parent=7330"}],"curies":[{"name":"wp","href":"https:\/\/api.w.org\/{rel}","templated":true}]}}